{"id":3895,"date":"2018-04-21T12:09:53","date_gmt":"2018-04-21T12:09:53","guid":{"rendered":"http:\/\/optico.themestek.com\/?page_id=3895"},"modified":"2020-12-29T20:40:30","modified_gmt":"2020-12-29T20:40:30","slug":"our-doctors","status":"publish","type":"page","link":"https:\/\/mobileoptic.lv\/lv\/our-doctors\/","title":{"rendered":"M\u016bsu profesion\u0101\u013cu komanda"},"content":{"rendered":"<div class=\"wpb-content-wrapper\">\r\n<div class=\"vc_row ts-row wpb_row vc_row-fluid container ts-bgimage-position-center_center\">\r\n\r\n\t\r\n\t\r\n\t\t\r\n<div class=\"ts-column wpb_column vc_column_container vc_col-sm-12\">\r\n\t<div class=\"vc_column-inner  \">\r\n\t\t\t\t<div class=\"wpb_wrapper\">\r\n\t\t\t<div class=\"themestek-boxes themestek-boxes-team themestek-boxes-element-team-style-1 themestek-boxes-view-default themestek-boxes-col-three themestek-boxes-sortable-no themestek-boxes-textalign-center themestek-boxes-sortablebutton-\">\r\n\t\t<div class=\"themestek-boxes-inner themestek-boxes-team-inner \"><div class=\"themestek-box-heading-wrapper ts-element-align-center\"><div class=\"ts-element-heading-wrapper ts-heading-inner ts-element-align-center ts-seperator-none \"><section class=\"ts-vc_cta3-container\"><div class=\"ts-vc_general ts-vc_cta3 ts-cta3-only ts-vc_cta3-style-classic ts-vc_cta3-shape-rounded ts-vc_cta3-align-center ts-vc_cta3-color-transparent ts-vc_cta3-icon-size-md ts-vc_cta3-actions-no ts-cta3-without-desc\"><div class=\"ts-vc_cta3_content-container\"><div class=\"ts-vc_cta3-content\"><div class=\"ts-vc_cta3-content-header ts-wrap\"><div class=\"ts-vc_cta3-headers ts-wrap-cell\"><h4 class=\"ts-custom-heading \" >Uzticies m\u016bsu speci\u0101listiem<\/h4>\n<h2 class=\"ts-custom-heading \" >M\u016bsu speci\u0101listu komanda ir profesion\u0101\u013ci sav\u0101 jom\u0101<\/h2>\n<\/div><\/div><\/div><\/div><\/div><\/section><\/div> <!-- .ts-element-heading-wrapper container --> <\/div> <!-- .ts-element-heading-wrapper container --> \r\n\t\t\t\r\n\t\t\t<div class=\"row multi-columns-row themestek-boxes-row-wrapper\">\r\n\t\t\t\t<div class=\"ts-box-col-wrapper col-lg-4 col-sm-6 col-md-4 col-xs-12 \"><article class=\"themestek-box themestek-box-team ts-teambox-style-1  ts-hover-style-1 \">\r\n\t<div class=\"themestek-post-item\">\r\n\t\t\r\n\t\t<span class=\"themestek-item-thumbnail\">\r\n\t\t\t<span class=\"themestek-item-thumbnail-inner\">\r\n\t\t\t\t<img fetchpriority=\"high\" decoding=\"async\" width=\"626\" height=\"626\" src=\"https:\/\/mobileoptic.lv\/wp-content\/uploads\/2020\/06\/spec2.jpg\" class=\"attachment-themestek-img-800x800 size-themestek-img-800x800 wp-post-image\" alt=\"\" \/>\r\n\t\t\t<\/span>\r\n\t\t<\/span>\r\n\t\t<div class=\"themestek-box-content\">\r\n            <div class=\"themestek-box-content-inner\">\t\t  \r\n\r\n\t\t\t\t<div class=\"themestek-box-team-position ts-skincolor\">\r\n\t\t\t\t\tOptometrists\t\t\t\t<\/div>\r\n\t\t\t\t<div class=\"themestek-pf-box-title\">\r\n\t\t\t\t\t<div class=\"themestek-box-title\"><h4><a href=\"https:\/\/mobileoptic.lv\/lv\/Optometristi\/redzes-aprupes-specialists-2\/\">Redzes apr\u016bpes speci\u0101lists &#8211; optometrists<\/a><\/h4><\/div>\t\t\t\t<\/div>\r\n\r\n\t\t\t\t\r\n\t\t\t\t<div class=\"themestek-teambox-social-links\">\r\n\t\t\t\t\t<div class=\"ts-team-social-links-wrapper\"><ul class=\"ts-team-social-links\">\r\n\t\t\t\t<li>\r\n\t\t\t\t\t<a href=\"#\" title=\"Twitter\" target=\"_blank\" class=\"ts-team-social-twitter\">\r\n\t\t\t\t\t\t<i class=\"ts-optico-icon-twitter\"><\/i>\r\n\t\t\t\t\t\t<span class=\"ts-hide\">Twitter<\/span>\r\n\t\t\t\t\t<\/a>\r\n\t\t\t\t<\/li>\r\n\t\t\t\t<li>\r\n\t\t\t\t\t<a href=\"#\" title=\"Facebook\" target=\"_blank\" class=\"ts-team-social-facebook\">\r\n\t\t\t\t\t\t<i class=\"ts-optico-icon-facebook\"><\/i>\r\n\t\t\t\t\t\t<span class=\"ts-hide\">Facebook<\/span>\r\n\t\t\t\t\t<\/a>\r\n\t\t\t\t<\/li>\r\n\t\t\t\t<li>\r\n\t\t\t\t\t<a href=\"#\" title=\"Google+\" target=\"_blank\" class=\"ts-team-social-google\">\r\n\t\t\t\t\t\t<i class=\"ts-optico-icon-gplus\"><\/i>\r\n\t\t\t\t\t\t<span class=\"ts-hide\">Google+<\/span>\r\n\t\t\t\t\t<\/a>\r\n\t\t\t\t<\/li>\r\n\t\t\t\t<li>\r\n\t\t\t\t\t<a href=\"\" title=\"LinkedIn\" target=\"_blank\" class=\"ts-team-social-linkedin\">\r\n\t\t\t\t\t\t<i class=\"ts-optico-icon-linkedin\"><\/i>\r\n\t\t\t\t\t\t<span class=\"ts-hide\">LinkedIn<\/span>\r\n\t\t\t\t\t<\/a>\r\n\t\t\t\t<\/li><\/ul> <!-- .ts-team-social-links --> <\/div> <!-- .ts-team-social-links-wrapper --> \t\t\t\t<\/div>\r\n\r\n\t\t\t<\/div>\t\t\r\n\t\t<\/div>\r\n\t<\/div>\r\n<\/article><\/div><div class=\"ts-box-col-wrapper col-lg-4 col-sm-6 col-md-4 col-xs-12 \"><article class=\"themestek-box themestek-box-team ts-teambox-style-1  ts-hover-style-1 \">\r\n\t<div class=\"themestek-post-item\">\r\n\t\t\r\n\t\t<span class=\"themestek-item-thumbnail\">\r\n\t\t\t<span class=\"themestek-item-thumbnail-inner\">\r\n\t\t\t\t<img decoding=\"async\" width=\"683\" height=\"683\" src=\"https:\/\/mobileoptic.lv\/wp-content\/uploads\/2020\/02\/profilakse.jpg\" class=\"attachment-themestek-img-800x800 size-themestek-img-800x800 wp-post-image\" alt=\"\" \/>\r\n\t\t\t<\/span>\r\n\t\t<\/span>\r\n\t\t<div class=\"themestek-box-content\">\r\n            <div class=\"themestek-box-content-inner\">\t\t  \r\n\r\n\t\t\t\t<div class=\"themestek-box-team-position ts-skincolor\">\r\n\t\t\t\t\tOptometrists\t\t\t\t<\/div>\r\n\t\t\t\t<div class=\"themestek-pf-box-title\">\r\n\t\t\t\t\t<div class=\"themestek-box-title\"><h4><a href=\"https:\/\/mobileoptic.lv\/lv\/Optometristi\/redzes-aprupes-specialists\/\">Optikas speci\u0101lists &#8211; opti\u0137is<\/a><\/h4><\/div>\t\t\t\t<\/div>\r\n\r\n\t\t\t\t\r\n\t\t\t\t<div class=\"themestek-teambox-social-links\">\r\n\t\t\t\t\t<div class=\"ts-team-social-links-wrapper\"><ul class=\"ts-team-social-links\">\r\n\t\t\t\t<li>\r\n\t\t\t\t\t<a href=\"#\" title=\"Twitter\" target=\"_blank\" class=\"ts-team-social-twitter\">\r\n\t\t\t\t\t\t<i class=\"ts-optico-icon-twitter\"><\/i>\r\n\t\t\t\t\t\t<span class=\"ts-hide\">Twitter<\/span>\r\n\t\t\t\t\t<\/a>\r\n\t\t\t\t<\/li>\r\n\t\t\t\t<li>\r\n\t\t\t\t\t<a href=\"#\" title=\"Facebook\" target=\"_blank\" class=\"ts-team-social-facebook\">\r\n\t\t\t\t\t\t<i class=\"ts-optico-icon-facebook\"><\/i>\r\n\t\t\t\t\t\t<span class=\"ts-hide\">Facebook<\/span>\r\n\t\t\t\t\t<\/a>\r\n\t\t\t\t<\/li>\r\n\t\t\t\t<li>\r\n\t\t\t\t\t<a href=\"\" title=\"Google+\" target=\"_blank\" class=\"ts-team-social-google\">\r\n\t\t\t\t\t\t<i class=\"ts-optico-icon-gplus\"><\/i>\r\n\t\t\t\t\t\t<span class=\"ts-hide\">Google+<\/span>\r\n\t\t\t\t\t<\/a>\r\n\t\t\t\t<\/li>\r\n\t\t\t\t<li>\r\n\t\t\t\t\t<a href=\"\" title=\"LinkedIn\" target=\"_blank\" class=\"ts-team-social-linkedin\">\r\n\t\t\t\t\t\t<i class=\"ts-optico-icon-linkedin\"><\/i>\r\n\t\t\t\t\t\t<span class=\"ts-hide\">LinkedIn<\/span>\r\n\t\t\t\t\t<\/a>\r\n\t\t\t\t<\/li><\/ul> <!-- .ts-team-social-links --> <\/div> <!-- .ts-team-social-links-wrapper --> \t\t\t\t<\/div>\r\n\r\n\t\t\t<\/div>\t\t\r\n\t\t<\/div>\r\n\t<\/div>\r\n<\/article><\/div><div class=\"ts-box-col-wrapper col-lg-4 col-sm-6 col-md-4 col-xs-12 \"><article class=\"themestek-box themestek-box-team ts-teambox-style-1  ts-hover-style-1 \">\r\n\t<div class=\"themestek-post-item\">\r\n\t\t\r\n\t\t<span class=\"themestek-item-thumbnail\">\r\n\t\t\t<span class=\"themestek-item-thumbnail-inner\">\r\n\t\t\t\t<img decoding=\"async\" width=\"800\" height=\"683\" src=\"https:\/\/mobileoptic.lv\/wp-content\/uploads\/2020\/04\/frameeees-800x683.jpg\" class=\"attachment-themestek-img-800x800 size-themestek-img-800x800 wp-post-image\" alt=\"\" \/>\r\n\t\t\t<\/span>\r\n\t\t<\/span>\r\n\t\t<div class=\"themestek-box-content\">\r\n            <div class=\"themestek-box-content-inner\">\t\t  \r\n\r\n\t\t\t\t<div class=\"themestek-box-team-position ts-skincolor\">\r\n\t\t\t\t\tOptometrists\t\t\t\t<\/div>\r\n\t\t\t\t<div class=\"themestek-pf-box-title\">\r\n\t\t\t\t\t<div class=\"themestek-box-title\"><h4><a href=\"https:\/\/mobileoptic.lv\/lv\/Optometristi\/redzes-aprupes-specialists-6\/\">Konsultants optikas jaut\u0101jumos &#8211; p\u0101rdo\u0161anas speci\u0101lists<\/a><\/h4><\/div>\t\t\t\t<\/div>\r\n\r\n\t\t\t\t\r\n\t\t\t\t<div class=\"themestek-teambox-social-links\">\r\n\t\t\t\t\t<div class=\"ts-team-social-links-wrapper\"><ul class=\"ts-team-social-links\">\r\n\t\t\t\t<li>\r\n\t\t\t\t\t<a href=\"#\" title=\"Twitter\" target=\"_blank\" class=\"ts-team-social-twitter\">\r\n\t\t\t\t\t\t<i class=\"ts-optico-icon-twitter\"><\/i>\r\n\t\t\t\t\t\t<span class=\"ts-hide\">Twitter<\/span>\r\n\t\t\t\t\t<\/a>\r\n\t\t\t\t<\/li>\r\n\t\t\t\t<li>\r\n\t\t\t\t\t<a href=\"#\" title=\"Facebook\" target=\"_blank\" class=\"ts-team-social-facebook\">\r\n\t\t\t\t\t\t<i class=\"ts-optico-icon-facebook\"><\/i>\r\n\t\t\t\t\t\t<span class=\"ts-hide\">Facebook<\/span>\r\n\t\t\t\t\t<\/a>\r\n\t\t\t\t<\/li>\r\n\t\t\t\t<li>\r\n\t\t\t\t\t<a href=\"#\" title=\"Google+\" target=\"_blank\" class=\"ts-team-social-google\">\r\n\t\t\t\t\t\t<i class=\"ts-optico-icon-gplus\"><\/i>\r\n\t\t\t\t\t\t<span class=\"ts-hide\">Google+<\/span>\r\n\t\t\t\t\t<\/a>\r\n\t\t\t\t<\/li>\r\n\t\t\t\t<li>\r\n\t\t\t\t\t<a href=\"#\" title=\"LinkedIn\" target=\"_blank\" class=\"ts-team-social-linkedin\">\r\n\t\t\t\t\t\t<i class=\"ts-optico-icon-linkedin\"><\/i>\r\n\t\t\t\t\t\t<span class=\"ts-hide\">LinkedIn<\/span>\r\n\t\t\t\t\t<\/a>\r\n\t\t\t\t<\/li><\/ul> <!-- .ts-team-social-links --> <\/div> <!-- .ts-team-social-links-wrapper --> \t\t\t\t<\/div>\r\n\r\n\t\t\t<\/div>\t\t\r\n\t\t<\/div>\r\n\t<\/div>\r\n<\/article><\/div>\r\n\t\t\t<\/div>\r\n\t\t<\/div><!-- .themestek-boxes-inner -->   <\/div><!-- .themestek-boxes -->  \t\t<\/div>\r\n\t<\/div>\r\n<\/div>\r\n\r\n\r\n\t<\/div>\r\n\r\n\r\n\n<\/div>","protected":false},"excerpt":{"rendered":"Biography Konsultants optik\u0101 ir optisko pre\u010du p\u0101rdo\u0161anas speci\u0101lists, kas iesaka optisk\u0101s preces un inform\u0113 klientu par pieg\u0101des laiku un citiem svar\u012bgiem aspektiem, noform\u0113 pas\u016bt\u012bjumu. Personal Experience PSYCHOLOGYNEUROLOGYPSYCHIATRISTS &nbsp; &nbsp; Contact Me Message","protected":false},"author":1,"featured_media":0,"parent":0,"menu_order":8,"comment_status":"closed","ping_status":"closed","template":"","meta":{"footnotes":""},"class_list":["post-3895","page","type-page","status-publish","hentry"],"jetpack_sharing_enabled":true,"jetpack-related-posts":[],"_links":{"self":[{"href":"https:\/\/mobileoptic.lv\/lv\/wp-json\/wp\/v2\/pages\/3895","targetHints":{"allow":["GET"]}}],"collection":[{"href":"https:\/\/mobileoptic.lv\/lv\/wp-json\/wp\/v2\/pages"}],"about":[{"href":"https:\/\/mobileoptic.lv\/lv\/wp-json\/wp\/v2\/types\/page"}],"author":[{"embeddable":true,"href":"https:\/\/mobileoptic.lv\/lv\/wp-json\/wp\/v2\/users\/1"}],"replies":[{"embeddable":true,"href":"https:\/\/mobileoptic.lv\/lv\/wp-json\/wp\/v2\/comments?post=3895"}],"version-history":[{"count":3,"href":"https:\/\/mobileoptic.lv\/lv\/wp-json\/wp\/v2\/pages\/3895\/revisions"}],"predecessor-version":[{"id":5811,"href":"https:\/\/mobileoptic.lv\/lv\/wp-json\/wp\/v2\/pages\/3895\/revisions\/5811"}],"wp:attachment":[{"href":"https:\/\/mobileoptic.lv\/lv\/wp-json\/wp\/v2\/media?parent=3895"}],"curies":[{"name":"wp","href":"https:\/\/api.w.org\/{rel}","templated":true}]}}